{"id":114817,"date":"2022-01-26T17:54:26","date_gmt":"2022-01-26T16:54:26","guid":{"rendered":"https:\/\/empow-her.com\/?post_type=product&#038;p=114817"},"modified":"2022-01-31T14:18:46","modified_gmt":"2022-01-31T13:18:46","slug":"atelier-personal-branding-21-fev","status":"publish","type":"product","link":"https:\/\/empow-her.com\/es\/produit\/atelier-personal-branding-21-fev\/","title":{"rendered":"Atelier &#8211; Personal Branding"},"content":{"rendered":"","protected":false},"excerpt":{"rendered":"<div>\n<div><\/div>\n<\/div>\n<div>\n<div>\n<div>Qu&#8217;est ce que la communication et finalement qu&#8217;est ce que la communication pour une fondatrice ?<\/p>\n<p>Dans cet atelier chez Sist&#8217;Her Paris, venez d\u00e9couvrir ce qu&#8217;est le personal branding, pourquoi cela peut vous aider dans votre projet et comment mettre ces strat\u00e9gies en place !<\/p>\n<p>Pour cet atelier, vous pouvez amener votre ordinateur ou un bloc-notes, ou nous pourrons vous fournir de quoi \u00e9crire !\n<\/p><\/div>\n<\/div>\n<div><strong>Intervenante : <\/strong><br \/>\nAude Fra\u00efoli<\/div>\n<div>\n<div>\n<p>Grace \u00e0 un atelier en personal branding, venez d\u00e9velopper votre technique marketing en devenant votre propre marque ! L&#8217;objectif est de mettre en valeur vos comp\u00e9tences et votre image professionnelle. Maitriser le personnel branding c&#8217;est vous permettre :<br \/>\n&#8211; de vous faire connaitre<br \/>\n&#8211; de mettre en avant votre expertise aupr\u00e8s des entreprises<br \/>\n&#8211; de mieux maitriser votre image dans un contexte professionnel !<\/p>\n<p><strong>Qui est Aude ? <\/strong><br \/>\nApr\u00e8s plus de 15 ans \u00e0 s&#8217;amuser dans l&#8217;industrie des m\u00e9dia et du l&#8217;Entertainement, elle emprunte depuis 4 ans, diff\u00e9rents chemins qui lui permettent de mettre toute son exp\u00e9rience de communicante au service de startups et d&#8217;\u00e9tudiant.e.s. qu&#8217;elle accompagne tant sur le chemin de leur communication personnelle que professionnelle. Elle partage avec nous &#8220;Je suis une amoureuse des marques, passionn\u00e9e par les questions autour de l&#8217;identit\u00e9 des entreprises, j&#8217;essaie d&#8217;avoir toujours un regard actualis\u00e9 et pointu sur ces sujets qui \u00e9voluent tous les jours.&#8221;<\/div>\n<\/div>\n<\/div>\n<div><\/div>\n<div><b>Lieu : <\/b>Sist&#8217;Her Paris, 82 rue du Faubourg Saint-Martin<\/div>\n<div><\/div>\n<div><\/div>\n<div><\/div>\n<p>Ce projet est co-financ\u00e9 par le Fonds Social Europ\u00e9en.<\/p>\n<p><img decoding=\"async\" class=\"\" src=\"https:\/\/www.sep-asso.fr\/wp-content\/uploads\/2018\/02\/logo-union-europeenne.png\" alt=\"logo union europeenne \u2013 SEP\" width=\"87\" height=\"72\" \/>\u00a0\u00a0<img decoding=\"async\" class=\"alignnone wp-image-15218\" src=\"https:\/\/empow-her.com\/wp-content\/uploads\/2021\/06\/logo_fonds_social_europeen-300x187.png\" alt=\"\" width=\"104\" height=\"65\" srcset=\"https:\/\/empow-her.com\/wp-content\/uploads\/2021\/06\/logo_fonds_social_europeen-300x187.png 300w, https:\/\/empow-her.com\/wp-content\/uploads\/2021\/06\/logo_fonds_social_europeen-600x375.png 600w, https:\/\/empow-her.com\/wp-content\/uploads\/2021\/06\/logo_fonds_social_europeen-24x15.png 24w, https:\/\/empow-her.com\/wp-content\/uploads\/2021\/06\/logo_fonds_social_europeen-36x22.png 36w, https:\/\/empow-her.com\/wp-content\/uploads\/2021\/06\/logo_fonds_social_europeen-48x30.png 48w, https:\/\/empow-her.com\/wp-content\/uploads\/2021\/06\/logo_fonds_social_europeen.png 666w\" sizes=\"(max-width: 104px) 100vw, 104px\" \/>\u00a0<img decoding=\"async\" class=\"\" src=\"https:\/\/franceactive-idf.org\/wp-content\/uploads\/2020\/02\/logo-region-ile-de-france.png\" alt=\"Logo Region Ile De France - France Active \u00cele-de-France\" width=\"126\" height=\"29\" \/><\/p>\n","protected":false},"featured_media":114818,"template":"","format":"standard","meta":{"_acf_changed":false,"om_disable_all_campaigns":false,"_uf_show_specific_survey":0,"_uf_disable_surveys":false},"product_brand":[],"product_cat":[118],"product_tag":[],"lieu":[127],"thematiques":[],"class_list":{"0":"post-114817","1":"product","2":"type-product","3":"status-publish","4":"format-standard","5":"has-post-thumbnail","7":"product_cat-atelier-collectif","8":"lieu-hub-empowher","10":"first","11":"instock","12":"virtual","13":"purchasable","14":"product-type-appointment"},"exclude_global_add_ons":[],"addons":[],"acf":[],"yoast_head":"<!-- This site is optimized with the Yoast SEO plugin v24.8 - https:\/\/yoast.com\/wordpress\/plugins\/seo\/ -->\n<title>Atelier - Personal Branding - Empow&#039;Her<\/title>\n<meta name=\"robots\" content=\"index, follow, max-snippet:-1, max-image-preview:large, max-video-preview:-1\" \/>\n<link rel=\"canonical\" href=\"https:\/\/empow-her.com\/es\/produit\/atelier-personal-branding-21-fev\/\" \/>\n<meta property=\"og:locale\" content=\"es_ES\" \/>\n<meta property=\"og:type\" content=\"article\" \/>\n<meta property=\"og:title\" content=\"Atelier - Personal Branding - Empow&#039;Her\" \/>\n<meta property=\"og:description\" content=\"Qu&#039;est ce que la communication et finalement qu&#039;est ce que la communication pour une fondatrice ?  Dans cet atelier chez Sist&#039;Her Paris, venez d\u00e9couvrir ce qu&#039;est le personal branding, pourquoi cela peut vous aider dans votre projet et comment mettre ces strat\u00e9gies en place !  Pour cet atelier, vous pouvez amener votre ordinateur ou un bloc-notes, ou nous pourrons vous fournir de quoi \u00e9crire !   Intervenante :  Aude Fra\u00efoli     Grace \u00e0 un atelier en personal branding, venez d\u00e9velopper votre technique marketing en devenant votre propre marque ! L&#039;objectif est de mettre en valeur vos comp\u00e9tences et votre image professionnelle. Maitriser le personnel branding c&#039;est vous permettre :  - de vous faire connaitre  - de mettre en avant votre expertise aupr\u00e8s des entreprises  - de mieux maitriser votre image dans un contexte professionnel !  Qui est Aude ?  Apr\u00e8s plus de 15 ans \u00e0 s&#039;amuser dans l&#039;industrie des m\u00e9dia et du l&#039;Entertainement, elle emprunte depuis 4 ans, diff\u00e9rents chemins qui lui permettent de mettre toute son exp\u00e9rience de communicante au service de startups et d&#039;\u00e9tudiant.e.s. qu&#039;elle accompagne tant sur le chemin de leur communication personnelle que professionnelle. Elle partage avec nous &quot;Je suis une amoureuse des marques, passionn\u00e9e par les questions autour de l&#039;identit\u00e9 des entreprises, j&#039;essaie d&#039;avoir toujours un regard actualis\u00e9 et pointu sur ces sujets qui \u00e9voluent tous les jours.&quot;    Lieu : Sist&#039;Her Paris, 82 rue du Faubourg Saint-Martin    Ce projet est co-financ\u00e9 par le Fonds Social Europ\u00e9en.  \u00a0\u00a0\u00a0\" \/>\n<meta property=\"og:url\" content=\"https:\/\/empow-her.com\/es\/produit\/atelier-personal-branding-21-fev\/\" \/>\n<meta property=\"og:site_name\" content=\"Empow&#039;Her\" \/>\n<meta property=\"article:modified_time\" content=\"2022-01-31T13:18:46+00:00\" \/>\n<meta property=\"og:image\" content=\"https:\/\/empow-her.com\/wp-content\/uploads\/2022\/01\/TEMPLATES-EVENTS-WOMEN-DARE-17.png\" \/>\n\t<meta property=\"og:image:width\" content=\"1080\" \/>\n\t<meta property=\"og:image:height\" content=\"1080\" \/>\n\t<meta property=\"og:image:type\" content=\"image\/png\" \/>\n<meta name=\"twitter:card\" content=\"summary_large_image\" \/>\n<script type=\"application\/ld+json\" class=\"yoast-schema-graph\">{\"@context\":\"https:\/\/schema.org\",\"@graph\":[{\"@type\":\"WebPage\",\"@id\":\"https:\/\/empow-her.com\/es\/produit\/atelier-personal-branding-21-fev\/\",\"url\":\"https:\/\/empow-her.com\/es\/produit\/atelier-personal-branding-21-fev\/\",\"name\":\"Atelier - Personal Branding - Empow&#039;Her\",\"isPartOf\":{\"@id\":\"https:\/\/empow-her.com\/#website\"},\"primaryImageOfPage\":{\"@id\":\"https:\/\/empow-her.com\/es\/produit\/atelier-personal-branding-21-fev\/#primaryimage\"},\"image\":{\"@id\":\"https:\/\/empow-her.com\/es\/produit\/atelier-personal-branding-21-fev\/#primaryimage\"},\"thumbnailUrl\":\"https:\/\/empow-her.com\/wp-content\/uploads\/2022\/01\/TEMPLATES-EVENTS-WOMEN-DARE-17.png\",\"datePublished\":\"2022-01-26T16:54:26+00:00\",\"dateModified\":\"2022-01-31T13:18:46+00:00\",\"breadcrumb\":{\"@id\":\"https:\/\/empow-her.com\/es\/produit\/atelier-personal-branding-21-fev\/#breadcrumb\"},\"inLanguage\":\"es\",\"potentialAction\":[{\"@type\":\"ReadAction\",\"target\":[\"https:\/\/empow-her.com\/es\/produit\/atelier-personal-branding-21-fev\/\"]}]},{\"@type\":\"ImageObject\",\"inLanguage\":\"es\",\"@id\":\"https:\/\/empow-her.com\/es\/produit\/atelier-personal-branding-21-fev\/#primaryimage\",\"url\":\"https:\/\/empow-her.com\/wp-content\/uploads\/2022\/01\/TEMPLATES-EVENTS-WOMEN-DARE-17.png\",\"contentUrl\":\"https:\/\/empow-her.com\/wp-content\/uploads\/2022\/01\/TEMPLATES-EVENTS-WOMEN-DARE-17.png\",\"width\":1080,\"height\":1080},{\"@type\":\"BreadcrumbList\",\"@id\":\"https:\/\/empow-her.com\/es\/produit\/atelier-personal-branding-21-fev\/#breadcrumb\",\"itemListElement\":[{\"@type\":\"ListItem\",\"position\":1,\"name\":\"Accueil\",\"item\":\"https:\/\/empow-her.com\/es\/inicio\/\"},{\"@type\":\"ListItem\",\"position\":2,\"name\":\"LA BOUTIQUE\",\"item\":\"https:\/\/empow-her.com\/boutique\/\"},{\"@type\":\"ListItem\",\"position\":3,\"name\":\"Atelier &#8211; Personal Branding\"}]},{\"@type\":\"WebSite\",\"@id\":\"https:\/\/empow-her.com\/#website\",\"url\":\"https:\/\/empow-her.com\/\",\"name\":\"Empow&#039;Her\",\"description\":\"Women Development\",\"potentialAction\":[{\"@type\":\"SearchAction\",\"target\":{\"@type\":\"EntryPoint\",\"urlTemplate\":\"https:\/\/empow-her.com\/?s={search_term_string}\"},\"query-input\":{\"@type\":\"PropertyValueSpecification\",\"valueRequired\":true,\"valueName\":\"search_term_string\"}}],\"inLanguage\":\"es\"}]}<\/script>\n<!-- \/ Yoast SEO plugin. -->","yoast_head_json":{"title":"Atelier - Personal Branding - Empow&#039;Her","robots":{"index":"index","follow":"follow","max-snippet":"max-snippet:-1","max-image-preview":"max-image-preview:large","max-video-preview":"max-video-preview:-1"},"canonical":"https:\/\/empow-her.com\/es\/produit\/atelier-personal-branding-21-fev\/","og_locale":"es_ES","og_type":"article","og_title":"Atelier - Personal Branding - Empow&#039;Her","og_description":"Qu'est ce que la communication et finalement qu'est ce que la communication pour une fondatrice ?  Dans cet atelier chez Sist'Her Paris, venez d\u00e9couvrir ce qu'est le personal branding, pourquoi cela peut vous aider dans votre projet et comment mettre ces strat\u00e9gies en place !  Pour cet atelier, vous pouvez amener votre ordinateur ou un bloc-notes, ou nous pourrons vous fournir de quoi \u00e9crire !   Intervenante :  Aude Fra\u00efoli     Grace \u00e0 un atelier en personal branding, venez d\u00e9velopper votre technique marketing en devenant votre propre marque ! L'objectif est de mettre en valeur vos comp\u00e9tences et votre image professionnelle. Maitriser le personnel branding c'est vous permettre :  - de vous faire connaitre  - de mettre en avant votre expertise aupr\u00e8s des entreprises  - de mieux maitriser votre image dans un contexte professionnel !  Qui est Aude ?  Apr\u00e8s plus de 15 ans \u00e0 s'amuser dans l'industrie des m\u00e9dia et du l'Entertainement, elle emprunte depuis 4 ans, diff\u00e9rents chemins qui lui permettent de mettre toute son exp\u00e9rience de communicante au service de startups et d'\u00e9tudiant.e.s. qu'elle accompagne tant sur le chemin de leur communication personnelle que professionnelle. Elle partage avec nous \"Je suis une amoureuse des marques, passionn\u00e9e par les questions autour de l'identit\u00e9 des entreprises, j'essaie d'avoir toujours un regard actualis\u00e9 et pointu sur ces sujets qui \u00e9voluent tous les jours.\"    Lieu : Sist'Her Paris, 82 rue du Faubourg Saint-Martin    Ce projet est co-financ\u00e9 par le Fonds Social Europ\u00e9en.  \u00a0\u00a0\u00a0","og_url":"https:\/\/empow-her.com\/es\/produit\/atelier-personal-branding-21-fev\/","og_site_name":"Empow&#039;Her","article_modified_time":"2022-01-31T13:18:46+00:00","og_image":[{"width":1080,"height":1080,"url":"https:\/\/empow-her.com\/wp-content\/uploads\/2022\/01\/TEMPLATES-EVENTS-WOMEN-DARE-17.png","type":"image\/png"}],"twitter_card":"summary_large_image","schema":{"@context":"https:\/\/schema.org","@graph":[{"@type":"WebPage","@id":"https:\/\/empow-her.com\/es\/produit\/atelier-personal-branding-21-fev\/","url":"https:\/\/empow-her.com\/es\/produit\/atelier-personal-branding-21-fev\/","name":"Atelier - Personal Branding - Empow&#039;Her","isPartOf":{"@id":"https:\/\/empow-her.com\/#website"},"primaryImageOfPage":{"@id":"https:\/\/empow-her.com\/es\/produit\/atelier-personal-branding-21-fev\/#primaryimage"},"image":{"@id":"https:\/\/empow-her.com\/es\/produit\/atelier-personal-branding-21-fev\/#primaryimage"},"thumbnailUrl":"https:\/\/empow-her.com\/wp-content\/uploads\/2022\/01\/TEMPLATES-EVENTS-WOMEN-DARE-17.png","datePublished":"2022-01-26T16:54:26+00:00","dateModified":"2022-01-31T13:18:46+00:00","breadcrumb":{"@id":"https:\/\/empow-her.com\/es\/produit\/atelier-personal-branding-21-fev\/#breadcrumb"},"inLanguage":"es","potentialAction":[{"@type":"ReadAction","target":["https:\/\/empow-her.com\/es\/produit\/atelier-personal-branding-21-fev\/"]}]},{"@type":"ImageObject","inLanguage":"es","@id":"https:\/\/empow-her.com\/es\/produit\/atelier-personal-branding-21-fev\/#primaryimage","url":"https:\/\/empow-her.com\/wp-content\/uploads\/2022\/01\/TEMPLATES-EVENTS-WOMEN-DARE-17.png","contentUrl":"https:\/\/empow-her.com\/wp-content\/uploads\/2022\/01\/TEMPLATES-EVENTS-WOMEN-DARE-17.png","width":1080,"height":1080},{"@type":"BreadcrumbList","@id":"https:\/\/empow-her.com\/es\/produit\/atelier-personal-branding-21-fev\/#breadcrumb","itemListElement":[{"@type":"ListItem","position":1,"name":"Accueil","item":"https:\/\/empow-her.com\/es\/inicio\/"},{"@type":"ListItem","position":2,"name":"LA BOUTIQUE","item":"https:\/\/empow-her.com\/boutique\/"},{"@type":"ListItem","position":3,"name":"Atelier &#8211; Personal Branding"}]},{"@type":"WebSite","@id":"https:\/\/empow-her.com\/#website","url":"https:\/\/empow-her.com\/","name":"Empow&#039;Her","description":"Women Development","potentialAction":[{"@type":"SearchAction","target":{"@type":"EntryPoint","urlTemplate":"https:\/\/empow-her.com\/?s={search_term_string}"},"query-input":{"@type":"PropertyValueSpecification","valueRequired":true,"valueName":"search_term_string"}}],"inLanguage":"es"}]}},"_links":{"self":[{"href":"https:\/\/empow-her.com\/es\/wp-json\/wp\/v2\/product\/114817","targetHints":{"allow":["GET"]}}],"collection":[{"href":"https:\/\/empow-her.com\/es\/wp-json\/wp\/v2\/product"}],"about":[{"href":"https:\/\/empow-her.com\/es\/wp-json\/wp\/v2\/types\/product"}],"wp:featuredmedia":[{"embeddable":true,"href":"https:\/\/empow-her.com\/es\/wp-json\/wp\/v2\/media\/114818"}],"wp:attachment":[{"href":"https:\/\/empow-her.com\/es\/wp-json\/wp\/v2\/media?parent=114817"}],"wp:term":[{"taxonomy":"product_brand","embeddable":true,"href":"https:\/\/empow-her.com\/es\/wp-json\/wp\/v2\/product_brand?post=114817"},{"taxonomy":"product_cat","embeddable":true,"href":"https:\/\/empow-her.com\/es\/wp-json\/wp\/v2\/product_cat?post=114817"},{"taxonomy":"product_tag","embeddable":true,"href":"https:\/\/empow-her.com\/es\/wp-json\/wp\/v2\/product_tag?post=114817"},{"taxonomy":"lieu","embeddable":true,"href":"https:\/\/empow-her.com\/es\/wp-json\/wp\/v2\/lieu?post=114817"},{"taxonomy":"thematiques","embeddable":true,"href":"https:\/\/empow-her.com\/es\/wp-json\/wp\/v2\/thematiques?post=114817"}],"curies":[{"name":"wp","href":"https:\/\/api.w.org\/{rel}","templated":true}]}}